{"id":1022,"date":"2022-10-06T18:26:25","date_gmt":"2022-10-06T16:26:25","guid":{"rendered":"https:\/\/mobilpax.eu\/zasady-ochrany-osobnich-udaju\/"},"modified":"2023-08-02T12:52:36","modified_gmt":"2023-08-02T10:52:36","slug":"zasady-ochrany-osobnich-udaju","status":"publish","type":"page","link":"https:\/\/mobilpax.eu\/cs\/zasady-ochrany-osobnich-udaju\/","title":{"rendered":"Z\u00e1sady ochrany osobn\u00edch \u00fadaj\u016f"},"content":{"rendered":"\n<h4 class=\"wp-block-heading\">Kdo jsme<\/h4>\n\n<p class=\"wp-block-paragraph\">Na\u0161e webov\u00e1 adresa je: https:\/\/mobilpax.eu\/ <\/p>\n\n<h4 class=\"wp-block-heading\">Koment\u00e1\u0159e<\/h4>\n\n<p class=\"wp-block-paragraph\">Kdy\u017e n\u00e1v\u0161t\u011bvn\u00edci str\u00e1nek zanech\u00e1vaj\u00ed na webu koment\u00e1\u0159e, shroma\u017e\u010fujeme \u00fadaje, kter\u00e9 se zobrazuj\u00ed ve formul\u00e1\u0159i koment\u00e1\u0159e, a tak\u00e9 IP adresu u\u017eivatele a User Agent prohl\u00ed\u017ee\u010de, abychom se chr\u00e1nili p\u0159ed spamem.<\/p>\n\n<p class=\"wp-block-paragraph\">Spole\u010dnosti Gravatar m\u016f\u017ee b\u00fdt poskytnut anonymizovan\u00fd \u0159et\u011bzec vytvo\u0159en\u00fd z va\u0161\u00ed e-mailov\u00e9 adresy (naz\u00fdvan\u00fd tak\u00e9 hash) k ov\u011b\u0159en\u00ed, \u017ee ji pou\u017e\u00edv\u00e1te. Spole\u010dnosti Gravatar m\u016f\u017ee b\u00fdt poskytnut anonymizovan\u00fd \u0159et\u011bzec vytvo\u0159en\u00fd z va\u0161\u00ed e-mailov\u00e9 adresy (naz\u00fdvan\u00fd tak\u00e9 hash) k ov\u011b\u0159en\u00ed, \u017ee ji pou\u017e\u00edv\u00e1te.<\/p>\n\n<h4 class=\"wp-block-heading\">Multim\u00e9dia<\/h4>\n\n<p class=\"wp-block-paragraph\">P\u0159i nahr\u00e1v\u00e1n\u00ed sn\u00edmk\u016f na webov\u00e9 str\u00e1nky byste se m\u011bli vyhnout nahr\u00e1v\u00e1n\u00ed sn\u00edmk\u016f s \u00fadaji EXIF o poloze GPS. N\u00e1v\u0161t\u011bvn\u00edci str\u00e1nek si mohou ze sn\u00edmk\u016f st\u00e1hnout a zobrazit ve\u0161ker\u00e9 \u00fadaje o poloze.<\/p>\n\n<h4 class=\"wp-block-heading\">Soubory cookie<\/h4>\n\n<p class=\"wp-block-paragraph\">Pokud na na\u0161ich str\u00e1nk\u00e1ch nap\u00ed\u0161ete koment\u00e1\u0159, m\u016f\u017eete souhlasit s ulo\u017een\u00edm va\u0161eho jm\u00e9na, e-mailov\u00e9 adresy a webov\u00e9 str\u00e1nky do soubor\u016f cookie. Je to pro va\u0161e pohodl\u00ed, abyste p\u0159i p\u0159id\u00e1v\u00e1n\u00ed dal\u0161\u00edho koment\u00e1\u0159e nemuseli znovu vypl\u0148ovat sv\u00e9 \u00fadaje. Tyto soubory cookie jsou platn\u00e9 po dobu jednoho roku.<\/p>\n\n<p class=\"wp-block-paragraph\">Pokud nav\u0161t\u00edv\u00edte na\u0161i p\u0159ihla\u0161ovac\u00ed str\u00e1nku, ulo\u017e\u00edme do\u010dasn\u00e9 soubory cookie, abychom zjistili, zda v\u00e1\u0161 prohl\u00ed\u017ee\u010d p\u0159ij\u00edm\u00e1 soubory cookie. Tyto soubory cookie neobsahuj\u00ed \u017e\u00e1dn\u00e9 osobn\u00ed \u00fadaje a po zav\u0159en\u00ed prohl\u00ed\u017ee\u010de se vyma\u017eou.<\/p>\n\n<p class=\"wp-block-paragraph\">Kdy\u017e se p\u0159ihl\u00e1s\u00edte, nastav\u00edme n\u011bkolik soubor\u016f cookie k ulo\u017een\u00ed va\u0161ich p\u0159ihla\u0161ovac\u00edch \u00fadaj\u016f a nastaven\u00ed zobrazen\u00ed. P\u0159ihla\u0161ovac\u00ed soubory cookie jsou platn\u00e9 dva dny a nastaven\u00ed zobrazen\u00ed jeden rok. Pokud zvol\u00edte mo\u017enost &#8222;zapamatovat&#8220;, bude va\u0161e p\u0159ihl\u00e1\u0161en\u00ed platn\u00e9 po dobu dvou t\u00fddn\u016f. Po odhl\u00e1\u0161en\u00ed z \u00fa\u010dtu se soubory cookie vyma\u017eou. <\/p>\n\n<p class=\"wp-block-paragraph\">P\u0159i \u00faprav\u011b nebo publikov\u00e1n\u00ed \u010dl\u00e1nku se do prohl\u00ed\u017ee\u010de ulo\u017e\u00ed dal\u0161\u00ed soubory cookie. Tyto soubory cookie neobsahuj\u00ed \u017e\u00e1dn\u00e9 osobn\u00ed \u00fadaje a t\u00fdkaj\u00ed se pouze ID \u010dl\u00e1nku, kter\u00fd jste upravili. Soubory jsou platn\u00e9 1 den.<\/p>\n\n<h4 class=\"wp-block-heading\">Vlo\u017een\u00fd obsah z jin\u00fdch webov\u00fdch str\u00e1nek<\/h4>\n\n<p class=\"wp-block-paragraph\">\u010cl\u00e1nky na t\u011bchto webov\u00fdch str\u00e1nk\u00e1ch mohou obsahovat vlo\u017een\u00fd obsah (nap\u0159. videa, obr\u00e1zky, \u010dl\u00e1nky atd.). Vlo\u017een\u00fd obsah z jin\u00fdch web\u016f se chov\u00e1 stejn\u011b, jako kdyby n\u00e1v\u0161t\u011bvn\u00edk nav\u0161t\u00edvil jin\u00fd web. <\/p>\n\n<p class=\"wp-block-paragraph\">Tyto webov\u00e9 str\u00e1nky mohou shroma\u017e\u010fovat va\u0161e osobn\u00ed \u00fadaje, pou\u017e\u00edvat soubory cookie, vkl\u00e1dat sledov\u00e1n\u00ed t\u0159et\u00edch stran a sledovat va\u0161i interakci s vlo\u017een\u00fdm obsahem, v\u010detn\u011b sledov\u00e1n\u00ed va\u0161\u00ed interakce s vlo\u017een\u00fdm obsahem, pokud m\u00e1te \u00fa\u010det a jste na dan\u00e9 webov\u00e9 str\u00e1nce p\u0159ihl\u00e1\u0161eni. <\/p>\n\n<h4 class=\"wp-block-heading\">S k\u00fdm sd\u00edl\u00edme va\u0161e \u00fadaje<\/h4>\n\n<p class=\"wp-block-paragraph\">Pokud po\u017e\u00e1d\u00e1te o obnoven\u00ed hesla, bude va\u0161e IP adresa uvedena v e-mailu o obnoven\u00ed hesla.<\/p>\n\n<h4 class=\"wp-block-heading\">Jak dlouho uchov\u00e1v\u00e1me va\u0161e \u00fadaje<\/h4>\n\n<p class=\"wp-block-paragraph\">P\u0159i p\u0159id\u00e1v\u00e1n\u00ed koment\u00e1\u0159e jsou koment\u00e1\u0159 a jeho metadata odd\u011bleny. To n\u00e1m umo\u017e\u0148uje automaticky rozpoznat a schv\u00e1lit v\u0161echny souvisej\u00edc\u00ed koment\u00e1\u0159e, ani\u017e bychom je museli odkl\u00e1dat k moderov\u00e1n\u00ed.<\/p>\n\n<p class=\"wp-block-paragraph\">U u\u017eivatel\u016f, kte\u0159\u00ed se na na\u0161ich webov\u00fdch str\u00e1nk\u00e1ch zaregistruj\u00ed (pokud existuj\u00ed), ukl\u00e1d\u00e1me osobn\u00ed \u00fadaje, kter\u00e9 n\u00e1m poskytli, do jejich u\u017eivatelsk\u00e9ho profilu. V\u0161ichni u\u017eivatel\u00e9 mohou kdykoli zobrazit, upravit nebo odstranit sv\u00e9 osobn\u00ed \u00fadaje (s v\u00fdjimkou u\u017eivatelsk\u00fdch zm\u011bn). Tyto informace mohou prohl\u00ed\u017eet a upravovat tak\u00e9 spr\u00e1vci webov\u00fdch str\u00e1nek.<\/p>\n\n<h4 class=\"wp-block-heading\">Jak\u00e1 m\u00e1te pr\u00e1va na sv\u00e9 \u00fadaje<\/h4>\n\n<p class=\"wp-block-paragraph\">Pokud m\u00e1te na t\u011bchto webov\u00fdch str\u00e1nk\u00e1ch \u00fa\u010det nebo jste zde napsali koment\u00e1\u0159, m\u016f\u017eete po\u017e\u00e1dat o export osobn\u00edch \u00fadaj\u016f, kter\u00e9 o v\u00e1s uchov\u00e1v\u00e1me, v\u010detn\u011b \u00fadaj\u016f, kter\u00e9 jste n\u00e1m poskytli. M\u016f\u017eete tak\u00e9 po\u017e\u00e1dat o vymaz\u00e1n\u00ed sv\u00fdch osobn\u00edch \u00fadaj\u016f. To v\u0161ak neplat\u00ed pro \u00fadaje, kter\u00e9 o v\u00e1s mus\u00edme uchov\u00e1vat z administrativn\u00edch, pr\u00e1vn\u00edch nebo bezpe\u010dnostn\u00edch d\u016fvod\u016f. <\/p>\n\n<h4 class=\"wp-block-heading\">Kam jsou va\u0161e \u00fadaje odes\u00edl\u00e1ny<\/h4>\n\n<p class=\"wp-block-paragraph\">Koment\u00e1\u0159e n\u00e1v\u0161t\u011bvn\u00edk\u016f mohou b\u00fdt kontrolov\u00e1ny automatickou slu\u017ebou pro detekci spamu.<\/p>\n","protected":false},"excerpt":{"rendered":"<p>Kdo jsme Na\u0161e webov\u00e1 adresa je: https:\/\/mobilpax.eu\/ Koment\u00e1\u0159e Kdy\u017e n\u00e1v\u0161t\u011bvn\u00edci str\u00e1nek zanech\u00e1vaj\u00ed na webu koment\u00e1\u0159e, shroma\u017e\u010fujeme \u00fadaje, kter\u00e9 se zobrazuj\u00ed ve formul\u00e1\u0159i koment\u00e1\u0159e, a tak\u00e9 IP adresu u\u017eivatele a User Agent prohl\u00ed\u017ee\u010de, abychom se chr\u00e1nili p\u0159ed spamem. Spole\u010dnosti Gravatar m\u016f\u017ee b\u00fdt poskytnut anonymizovan\u00fd \u0159et\u011bzec vytvo\u0159en\u00fd z va\u0161\u00ed e-mailov\u00e9 adresy (naz\u00fdvan\u00fd tak\u00e9 hash) k ov\u011b\u0159en\u00ed, \u017ee [&hellip;]<\/p>\n","protected":false},"author":1,"featured_media":0,"parent":0,"menu_order":0,"comment_status":"closed","ping_status":"open","template":"","meta":{"_seopress_robots_primary_cat":"","footnotes":""},"class_list":["post-1022","page","type-page","status-publish","hentry"],"_links":{"self":[{"href":"https:\/\/mobilpax.eu\/cs\/wp-json\/wp\/v2\/pages\/1022","targetHints":{"allow":["GET"]}}],"collection":[{"href":"https:\/\/mobilpax.eu\/cs\/wp-json\/wp\/v2\/pages"}],"about":[{"href":"https:\/\/mobilpax.eu\/cs\/wp-json\/wp\/v2\/types\/page"}],"author":[{"embeddable":true,"href":"https:\/\/mobilpax.eu\/cs\/wp-json\/wp\/v2\/users\/1"}],"replies":[{"embeddable":true,"href":"https:\/\/mobilpax.eu\/cs\/wp-json\/wp\/v2\/comments?post=1022"}],"version-history":[{"count":2,"href":"https:\/\/mobilpax.eu\/cs\/wp-json\/wp\/v2\/pages\/1022\/revisions"}],"predecessor-version":[{"id":2102,"href":"https:\/\/mobilpax.eu\/cs\/wp-json\/wp\/v2\/pages\/1022\/revisions\/2102"}],"wp:attachment":[{"href":"https:\/\/mobilpax.eu\/cs\/wp-json\/wp\/v2\/media?parent=1022"}],"curies":[{"name":"wp","href":"https:\/\/api.w.org\/{rel}","templated":true}]}}